{"id":13,"date":"2020-10-19T14:20:14","date_gmt":"2020-10-19T14:20:14","guid":{"rendered":"https:\/\/guylenecharmetant.fr\/?page_id=13"},"modified":"2023-03-14T13:43:17","modified_gmt":"2023-03-14T12:43:17","slug":"one-page-express","status":"publish","type":"page","link":"https:\/\/guylenecharmetant.fr\/","title":{"rendered":"Front Page"},"content":{"rendered":"<div  id=\"overlapable-3\" class=\"features-image-cards-section stripped-features-image-cards-section\" style=\"background-color: #ffffff;\" data-label=\"Overlapable\" data-id=\"stripped-features-image-cards-section\" data-category=\"overlapable\" data-=\"\" data-overlap=\"true\">\n<div  class=\"gridContainer\">\n<div  class=\"features-image-cards-innerrow flexbox-list\" data-type=\"row\">\n<div  class=\"features-image-cards-cardcol cp4cols cp6cols-tablet\">\n<div  class=\"features-image-cards-cardrow\"><img decoding=\"async\"  class=\"features-image-cards-featimg\" src=\"https:\/\/guylenecharmetant.fr\/wp-content\/uploads\/2020\/10\/Photo-UnderCover-16-octobre20-DR-e1604250034489.jpg\">\n<div  class=\"features-image-cards-cardtextrow\" data-type=\"column\">\n<h4  class=\"\">Des concerts en duo, trio, quartet ou plus<\/h4>\n<p  class=\"\">A partir d\u2019un r\u00e9pertoire compos\u00e9 de chansons issues du jazz, de la pop ou des musiques sud-am\u00e9ricaines, diff\u00e9rents groupes pour revisiter des m\u00e9lodies aux accents de chansons populaires. Belle place est faite au dialogue, aux improvisations crois\u00e9es\u2026<\/p>\n<p  class=\"\">Un combo de musiciens improvisateurs qui se jouent d\u2019un r\u00e9pertoire \u00e9clectique, ludique.&nbsp;Ils vous ont fait vibrer lors de concerts organis\u00e9s en R\u00e9gion Centre \u2026<\/p>\n<p  class=\"\"><a class=\"\" href=\"#groupes\" target=\"_self\" rel=\"noopener noreferrer\">\u2794 d\u00e9couvrir les groupes<\/a><\/p>\n\n<\/div>\n<\/div>\n<\/div>\n<div  class=\"features-image-cards-cardcol cp4cols cp6cols-tablet\">\n<div  class=\"features-image-cards-cardrow\"><img decoding=\"async\"  class=\"features-image-cards-featimg\" src=\"https:\/\/guylenecharmetant.fr\/wp-content\/uploads\/2020\/10\/big_crbst_La_20Poubelle_20Kinotopia_202286F7.jpg\">\n<div  class=\"features-image-cards-cardtextrow\" data-type=\"column\">\n<h4  class=\"\">Des formules adapt\u00e9es \u00e0 vos \u00e9v\u00e8nements<\/h4>\n<p  class=\"\">Guyl\u00e8ne vous propose des formules concerts et concerts th\u00e9\u00e2tralis\u00e9s, en formation fixe ou mobile, pour vous accompagner lors de vos \u00e9v\u00e8nements priv\u00e9s ou publics (soir\u00e9e de gala, soir\u00e9e cabaret, mariage\u2026)<\/p>\n<p  class=\"\">Les musiciens vous assurent un voyage raffin\u00e9 au c\u0153ur de diff\u00e9rents styles de musique, leur joie de jouer est communicative et suscite l\u2019enthousiasme et la participation du public.<\/p>\n<p  class=\"\"><a class=\"\" href=\"#groupes\" target=\"_self\" rel=\"noopener noreferrer\">\u2794 d\u00e9couvrir les groupes<\/a><\/p>\n\n<\/div>\n<\/div>\n<\/div>\n<div  class=\"features-image-cards-cardcol cp4cols cp6cols-tablet\">\n<div  class=\"features-image-cards-cardrow\"><img decoding=\"async\"  class=\"features-image-cards-featimg\" src=\"https:\/\/guylenecharmetant.fr\/wp-content\/uploads\/2020\/10\/team-building-2-e1604250441704.jpg\">\n<div  class=\"features-image-cards-cardtextrow\" data-type=\"column\">\n<h4  class=\"\">Team-building chant<\/h4>\n<p  class=\"\">Forte de son exp\u00e9rience de chef de ch\u0153ur et des cr\u00e9ations de spectacles, Guyl\u00e8ne s\u2019est entour\u00e9e d\u2019un collectif d\u2019artistes \u00e0 m\u00eame de proposer diff\u00e9rentes prestations en team-building. Les participants sont unanimes sur son enthousiasme communicatif.<\/p>\n<p  class=\"\">Sp\u00e9cial COVID : cr\u00e9ation de clip en chorale confin\u00e9e.\n\nUn projet collectif enthousiasmant : chacun chez soi et un r\u00e9sultat collectif bluffant.<\/p>\n<p  class=\"\"><a class=\"\" href=\"#teambuilding-1\" target=\"_self\" rel=\"noopener noreferrer\">\u2794 en savoir plus<\/a><\/p>\n\n<\/div>\n<\/div>\n<\/div>\n<\/div>\n<\/div>\n<\/div><div  id=\"bio-1\" class=\"about-big-images-section\" style=\"background-color: #f6f6f6;\" data-label=\"Bio\" data-id=\"about-big-images-section\" data-category=\"about\">\n<div  class=\"gridContainer\">\n<div  class=\"about-big-images-textrow\">\n<div  class=\"about-big-images-textcol dynamic-color\" data-type=\"column\">\n<h5  class=\"\">\u00c0 PROPOS<\/h5>\n<h3  class=\"\">Guyl\u00e8ne Charmetant,<\/h3>\n<h4  class=\"\"><span  class=\"span25\">chanteuse et chef de ch\u0153ur<\/span>&nbsp;<em >(Orl\u00e9ans)<\/em><\/h4>\n<p  class=\"\">Chanteuse depuis 1995, Guyl\u00e8ne enchante son public avec son sourire et sa voix chaude et sensuelle.<\/p>\n<p  class=\"\">Elle a suivi une formation de com\u00e9dienne avec Ida Touchard et Jean-Claude Cotillard,&nbsp; et une formation de jazz \u00e0 l\u2019IACP de Paris et Jazz \u00e0 Tours.\nAussi \u00e0 l\u2019aise dans le contexte intimiste des club de Jazz parisiens que sur la sc\u00e8ne d\u2019un Zenith, elle s\u2019est sp\u00e9cialis\u00e9e dans le r\u00e9pertoire Jazz, Swing, Pop, Br\u00e9sil et dirige l\u2019ensemble vocal Nobody Knows depuis 20 ans, ce qui lui permet de donner libre cours \u00e0 sa g\u00e9n\u00e9rosit\u00e9.<\/p>\n<p  class=\"\">Elle est \u00e0 l\u2019initiative de la cr\u00e9ation de la Com\u00e9die Musicale \u00ab Emma la voix du Swing \u00bb dans laquelle elle est \u00e9galement com\u00e9dienne et chanteuse. Plusieurs repr\u00e9sentations ont eu lieu au Zenith d\u2019Orl\u00e9ans.<\/p>\n<p  class=\"\">Elle vous \u00e9tonnera avec son talent unique de trompette vocale.<\/p>\n<p  class=\"\"><a class=\"\" href=\"https:\/\/youtu.be\/sp6hxLmIR4U\" target=\"_self\" rel=\"noopener noreferrer\">video demo trompette vocale<\/a><\/p>\n<p  class=\"\"><a class=\"\" href=\"https:\/\/guylenecharmetant.fr\/drive.google.com\/file\/d\/1qey6YucxepxBfM9Q2XAUZlVs1_V4eVj9\/view?usp=sharing\" target=\"_self\" rel=\"noopener noreferrer\">CV complet<\/a><img decoding=\"async\"  class=\"custom-image\" src=\"#\"><\/p>\n\n<\/div>\n<\/div>\n<\/div>\n<div  class=\"about-big-images-bottomrow\">\n<div  class=\"about-big-images-leftimgcol\"><img decoding=\"async\"  class=\"about-big-images-leftimg\" src=\"https:\/\/guylenecharmetant.fr\/wp-content\/uploads\/2021\/04\/Guyle\u0300ne-Charmetant-Toury.jpg\"><\/div>\n<div  class=\"about-big-images-centerimgcol\"><img decoding=\"async\"  class=\"about-big-images-centerimg\" src=\"https:\/\/guylenecharmetant.fr\/wp-content\/uploads\/2020\/10\/guyl-2.jpg\"><\/div>\n<div  class=\"about-big-images-rightimgcol\"><img decoding=\"async\"  class=\"about-big-images-rightimg\" src=\"https:\/\/guylenecharmetant.fr\/wp-content\/uploads\/2020\/10\/G.CHARMETANT-Portrait-DR-NB-OK.jpg\"><\/div>\n<\/div>\n<\/div><div  id=\"groupes\" class=\"content-left-image-section\" style=\"background-color: #ffffff;\" data-label=\"Groupes\" data-id=\"content-image-left\" data-category=\"content\">\n<div  class=\"about-big-images-textcol dynamic-color\" data-type=\"column\">\n<h3  class=\"\"><span  class=\"span25\">Ses principaux groupes musicaux<\/span><\/h3>\n<\/div>\n<div  class=\"gridContainer\">\n<div  class=\"row\">\n<div  class=\"content-left-image-imgcol\" data-type=\"column\"><img decoding=\"async\"  class=\"\" src=\"https:\/\/guylenecharmetant.fr\/wp-content\/uploads\/2020\/10\/logo-sweet-n-smart-redim.jpg\"><\/div>\n<div  class=\"content-left-image-textcol dynamic-color\" data-type=\"column\">\n<h6  class=\"\">Depuis 2020<\/h6>\n<h2  class=\"\">Sweet\u2019n Smart<\/h2>\n<p  class=\"large_text\">Le duo revisite un r\u00e9pertoire de standards issus du jazz, de la pop ou de la musique br\u00e9silienne.&nbsp;La voix velout\u00e9e de Guyl\u00e8ne s\u2019harmonise \u00e9l\u00e9gamment avec le doigt\u00e9 tout en finesse de Nicolas. Un moment de partage g\u00e9n\u00e9reux, deux interpr\u00e8tes complices qui savent surprendre et vous emmener dans leur univers.<\/p>\n<p  class=\"\">Avec Nicolas Vicquenault (piano\/voix).<\/p>\n<p  class=\"\"><a class=\"button blue\" href=\"https:\/\/guylenecharmetant.fr?page_id=42\" target=\"_self\" rel=\"noopener noreferrer\"> En savoir plus sur Sweet\u2019n\u2019Smart <\/a><\/p>\n\n<\/div>\n<\/div>\n<\/div>\n<\/div><div  id=\"tea-for-three\" class=\"content-right-image-section\" style=\"background-color: #f6f6f6;\" data-label=\"Tea for three\" data-id=\"content-image-right\" data-category=\"content\">\n<div  class=\"gridContainer\">\n<div  class=\"content-right-image-gridcol\">\n<div  class=\"content-right-image-textcol dynamic-color\" data-type=\"column\">\n<h6  class=\"\">Depuis 2020<\/h6>\n<h2  class=\"\">The Pop Mashers<\/h2>\n<p  class=\"large_text\">Une formation de 10 musiciens aguerris pour un grand concert, festif, dansant\u2026et renversant ! Le r\u00e9pertoire mixe des titres et tubes musicaux Pop et Jazz connus et revisit\u00e9s, malax\u00e9s, r\u00e9interpr\u00e9t\u00e9s par ce X Tet d\u00e9tonnant.<\/p>\n<p  class=\"\">Avec :\nGuyl\u00e8ne Charmetant, Julia Orcet et Fran\u00e7ois Manuelian : chant\nVincent Lemaire : batterie\nAlex Soubry : guitare\nDavid Hazak : basse\nNicolas Vicquenault : clavier\nTiphaine Lacrampe : trombone et fl\u00fbte\nPhilippe Desmoulins : trombone\nBernard Petit Bagnard : trompette\nCharly Thomas : Son<\/p>\n<p  class=\"\"><a class=\"button blue\" href=\"https:\/\/guylenecharmetant.fr?page_id=45\" target=\"_self\" rel=\"noopener noreferrer\"> En savoir plus&nbsp;<\/a><\/p>\n\n<\/div>\n<div  class=\"content-right-image-imgcol\" data-type=\"column\"><img decoding=\"async\"  class=\"\" src=\"https:\/\/guylenecharmetant.fr\/wp-content\/uploads\/2021\/09\/logo-pop-mashers-avec-ligne-1-e1632494053777.jpg\"><\/div>\n<\/div>\n<\/div>\n<\/div><div  id=\"groupes\" class=\"content-left-image-section\" style=\"background-color: #ffffff;\" data-label=\"Groupes\" data-id=\"content-image-left\" data-category=\"content\">\n<div  class=\"gridContainer\">\n<div  class=\"row\">\n<div  class=\"content-left-image-imgcol\" data-type=\"column\"><img decoding=\"async\"  class=\"\" src=\"https:\/\/guylenecharmetant.fr\/wp-content\/uploads\/2020\/10\/logo-guylarmo-v6.jpg\"><\/div>\n<div  class=\"content-left-image-textcol dynamic-color\" data-type=\"column\">\n<h6  class=\"\">Depuis 2009<\/h6>\n<h2  class=\"\">Guylamro<\/h2>\n<p  class=\"large_text\">A partir d\u2019un r\u00e9pertoire essentiellement compos\u00e9 de \u00ab standards \u00bb de Jazz, les musiciens revisitent de mani\u00e8re velout\u00e9e et intimiste des chansons aux accents familiers : tant\u00f4t issues du folklore swing et bebop, tant\u00f4t des rythmes chaloup\u00e9s de la bossa nova du Corcovado ou m\u00eame de la soul des seventies.<\/p>\n<p  class=\"\">Duo avec \u00c9ric Amrofel (guitare\/voix), et quelques musiciens invit\u00e9s : St\u00e9phane Decolly (basse), J\u00e9r\u00f4me Germond (trompette), Benoit Lavoll\u00e9e (vibraphone).<\/p>\n<p  class=\"\"><a class=\"button blue\" href=\"https:\/\/guylenecharmetant.fr?page_id=47\" target=\"_self\" rel=\"noopener noreferrer\"> En savoir plus sur Guylamro <\/a><\/p>\n\n<\/div>\n<\/div>\n<\/div>\n<\/div><div  id=\"tea-for-three\" class=\"content-right-image-section\" style=\"background-color: #f6f6f6;\" data-label=\"Tea for three\" data-id=\"content-image-right\" data-category=\"content\">\n<div  class=\"gridContainer\">\n<div  class=\"content-right-image-gridcol\">\n<div  class=\"content-right-image-textcol dynamic-color\" data-type=\"column\">\n<h6  class=\"\">Depuis 2012<\/h6>\n<h2  class=\"\">Chabada Swing<\/h2>\n<p  class=\"large_text\">Du trio au quintet, Chabada Swing est un collectif d\u2019artistes musiciens, chanteurs bouillonnant d\u2019id\u00e9es fantaisistes. En version concert ou lors d\u2019animation d\u2019\u00e9v\u00e9nements priv\u00e9s, ils arrangent les grands standards du Jazz et de la pop \u00e0 la sauce Swing.\nRythmes endiabl\u00e9s, humour et acrobaties sont au rendez-vous.\nNotre devise : \u00ab&nbsp;It don\u2019t mean a thing, if it ain\u2019t got that Swing! \u00ab<\/p>\n<p  class=\"\">avec :\nFran\u00e7ois Manuelian : Guitare, percussions, chant\nAndre\u00ef Bizioukine : contrebasse, chant\nS\u00e9bastien Riby et Lizzie Malard : danseurs<\/p>\n<p  class=\"\"><a class=\"button blue\" href=\"https:\/\/guylenecharmetant.fr?page_id=49\" target=\"_self\" rel=\"noopener noreferrer\"> En savoir plus sur Chabada Swing <\/a><\/p>\n\n<\/div>\n<div  class=\"content-right-image-imgcol\" data-type=\"column\"><img decoding=\"async\"  class=\"\" src=\"https:\/\/guylenecharmetant.fr\/wp-content\/uploads\/2020\/10\/logo-chabada-swing-2-redim.jpg\"><\/div>\n<\/div>\n<\/div>\n<\/div><div  id=\"groupes\" class=\"content-left-image-section\" style=\"background-color: #ffffff;\" data-label=\"Nobody\" data-id=\"content-image-left\" data-category=\"content\">\n<div  class=\"gridContainer\">\n<div  class=\"row\">\n<div  class=\"content-left-image-imgcol\" data-type=\"column\"><img decoding=\"async\"  class=\"\" src=\"https:\/\/guylenecharmetant.fr\/wp-content\/uploads\/2020\/11\/nobody-knows-logo.jpg\"><\/div>\n<div  class=\"content-left-image-textcol dynamic-color\" data-type=\"column\">\n<h6  class=\"\">Depuis 2000<\/h6>\n<h2  class=\"\">Nobody Knows<\/h2>\n<p  class=\"large_text\">Dans les ann\u00e9es 2000, Guyl\u00e8ne anime des ateliers de chant Gospel aupr\u00e8s d\u2019une quinzaine de participants. Enthousiasm\u00e9s par sa p\u00e9dagogie et son \u00e9nergie, ils cr\u00e9ent un groupe : Nobody Knows. Le r\u00e9pertoire principalement Gospel les premi\u00e8res ann\u00e9es s\u2019est enrichi des grands standards du Swing \u00e0 la \u00ab Andrews Sisters \u00bb et explore le r\u00e9pertoire Jazz et Pop avec des arrangements propre au groupe. Les chanteurs de Nobody knows vous emm\u00e8nent dans des univers vari\u00e9s. Leur joie de chanter ensemble est communicative et leurs concerts sont l\u2019occasion, pour le public, de partager ces musiques pleine d\u2019espoir, vivantes et rythm\u00e9es.<\/p>\n<p  class=\"\"><a class=\"button blue\" href=\"https:\/\/guylenecharmetant.fr?page_id=498\" target=\"_self\" rel=\"noopener noreferrer\"> En savoir plus sur Nobody Knows <\/a><\/p>\n\n<\/div>\n<\/div>\n<\/div>\n<\/div><div  id=\"couleurs-swing-bal-swing\" class=\"about-four-boxes-section\" style=\"background-color: #ffffff;\" data-label=\"Couleurs swing Bal swing\" data-id=\"about-four-boxes-section\" data-category=\"about\">\n<div  class=\"about-big-images-textcol dynamic-color\" data-type=\"column\">\n<h3  class=\"\"><span  class=\"span25\">Autres groupes musicaux<\/span><\/h3>\n<\/div>\n<div  class=\"gridContainer\">\n<div  class=\"about-four-boxes-innerrow flexbox-list\">\n<div  class=\"about-four-boxes-textcol\" data-type=\"column\">\n<div  class=\"\" style=\"font-size: 10px; color: #cccccc; line-break: anywhere; word-break: normal; overflow: hidden; white-space: nowrap; text-overflow: ellipsis; font-family: Interstate,Lucida Grande,Lucida Sans Unicode,Lucida Sans,Garuda,Verdana,Tahoma,sans-serif; font-weight: 100;\">\u00b7<\/div>\n<h2  class=\"\">Couleurs Swing<\/h2>\n<h6  class=\"\"><img decoding=\"async\" loading=\"lazy\"  class=\"size-medium wp-image-313 alignnone\" src=\"https:\/\/guylenecharmetant.fr\/wp-content\/uploads\/2020\/10\/couleur-swing-photo-site-300x225.jpg\" sizes=\"(max-width: 300px) 100vw, 300px\" srcset=\"https:\/\/guylenecharmetant.fr\/wp-content\/uploads\/2020\/10\/couleur-swing-photo-site-300x225.jpg 300w, https:\/\/guylenecharmetant.fr\/wp-content\/uploads\/2020\/10\/couleur-swing-photo-site.jpg 768w\" alt=\"\" width=\"300\" height=\"225\"><\/h6>\n<p  class=\"\">Orchestre swing de 7 \u00e0 10 musiciens.<\/p>\n<p  class=\"\">Groupe sp\u00e9cialis\u00e9 dans l\u2019animation de soir\u00e9es dansantes Swing.<\/p>\n<p  class=\"\">Avec Jean-Christophe Briant (piano),\nPhilippe Perrin (basse),\n\u00c9ric Luxey (batterie),\nPhilippe Desmoulins (trombone),\nCyril Parmentier (sax\/clarinette, fl\u00fbte),\nBernard Petit Bagnard (trompette).<\/p>\n<p  class=\"\">Musiciens invit\u00e9s : \u00c9ric Amrofel (guitare), Anita Farmine (chant), Agn\u00e8s Bazin (chant).<\/p>\nBal Swing\n\nPour une fin de soir\u00e9e dansante et festive avec d\u00e9monstration et initiation de danses Swing acrobatiques, charleston, claquettes\u2026\n\n<\/div>\n<div  class=\"about-four-boxes-textcol\" data-type=\"column\">\n<h2  class=\"\">Com\u00e9die musicale<\/h2>\n<p  class=\"\"><q ><img decoding=\"async\" loading=\"lazy\"  class=\"alignnone size-medium wp-image-109\" src=\"https:\/\/guylenecharmetant.fr\/wp-content\/uploads\/2020\/10\/bal-swing-2-300x213.jpg\" sizes=\"(max-width: 300px) 100vw, 300px\" srcset=\"https:\/\/guylenecharmetant.fr\/wp-content\/uploads\/2020\/10\/bal-swing-2-300x213.jpg 300w, https:\/\/guylenecharmetant.fr\/wp-content\/uploads\/2020\/10\/bal-swing-2.jpg 612w\" alt=\"\" width=\"300\" height=\"213\"><\/q><\/p>\n\n<h5  class=\"\">\u00ab&nbsp;Emma la Voix du Swing&nbsp;\u00bb<\/h5>\n<p  class=\"\"><q >Cr\u00e9\u00e9e en 2003, sur une id\u00e9e originale de Guyl\u00e8ne Charmetant, <\/q><q >livret Gabrielle baud, compositions Cyril Parmentier.<\/q><\/p>\n<p  class=\"\"><q >50 artistes sur sc\u00e8ne, plus de 5000 spectateurs<\/q><\/p>\n<p  class=\"\"><em ><q >\u00ab&nbsp;Emma, c\u2019est une aventure humaine pour aboutir \u00e0 une cr\u00e9ation commune<\/q><\/em>\n<em ><q >Rendre l\u2019impossible possible, f<\/q><q >aire fusionner la danse et la musique<\/q><\/em>\n<em ><q >Partir de rien et cr\u00e9er un projet artistique complet (histoire, texte, musique, chor\u00e9graphie,\u2026)<\/q><\/em>\n<em ><q >Faire conna\u00eetre et relancer la mode du Swing<\/q><\/em>\n<em ><q >Participer \u00e0 un projet ambitieux<\/q><\/em>\n<em ><q >Vivre et partager un moment de plaisir<\/q><\/em>\n<em ><q >Une id\u00e9e qui fusionne, qui prend forme, se concr\u00e9tise pour donner naissance \u00e0 un spectacle<\/q><\/em>\n<em ><q >Revivre l\u2019esprit Swing : convivialit\u00e9, f\u00eate, libert\u00e9&nbsp;\u00bb<\/q><\/em><\/p>\n\n<\/div>\n<\/div>\n<\/div>\n<\/div><div  id=\"cta-1\" class=\"cta-blue-section\" data-label=\"Call to action\" data-id=\"cta-blue-section\" data-category=\"cta\">\n<div  class=\"gridContainer\">\n<div  class=\"flexbox-list flexbox-list-align-center row\">\n<div  class=\"cta-blue-textcol dynamic-color\">\n<h2  class=\"cta-blue-text\"><b  class=\"element2\"> Agenda&nbsp;<\/b>des prochaines dates :<\/h2>\n<\/div>\n<div  class=\"cta-blue-btncol\"><a class=\"button big yellow dark-text\" href=\"https:\/\/guylenecharmetant.fr?post_type=tribe_events\" target=\"_self\" rel=\"noopener noreferrer\"> Cliquez ici <\/a><\/div>\n<\/div>\n<\/div>\n<\/div><div  id=\"choeurs\" class=\"content-full-left-image-section\" style=\"background-color: #ffffff;\" data-label=\"Choeurs\" data-id=\"content-full-left-image-section\" data-category=\"content\">\n<div  class=\"content-full-left-image-innerrow\">\n<div  class=\"content-full-left-image-imgcol\" style=\"background-image: url('https:\/\/guylenecharmetant.fr\/wp-content\/uploads\/2020\/10\/guyl.jpg');\" data-bg=\"image\"><\/div>\n<div  class=\"content-full-left-image-textcol dynamic-color\">\n<div  class=\"\" data-type=\"column\">\n<h2  class=\"\">Chef de&nbsp;Ch\u0153ur<\/h2>\n<p  class=\"\">Guyl\u00e8ne anime diff\u00e9rents choeurs depuis plus de 20 ans. Elle encadre des chorales amateurs, et des chorales d\u2019entreprises \u00e9ph\u00e9m\u00e8res ou r\u00e9guli\u00e8res.<\/p>\n\n\n<\/div>\n<div  class=\"content-full-left-image-featuresrow\">\n<div  class=\"content-full-left-image-featurescol\" data-type=\"column\">\n<h5  class=\"\">Ch\u0153ur de Bou<\/h5>\n<p  class=\"\">La joie de chanter ensemble est communicative pour les habitants de ce village, toujours plus nombreux \u00e0 se rallier \u00e0 ce groupe.<\/p>\n\n<h5  class=\"\">Chorales d\u2019entreprise<\/h5>\n<p  class=\"\">Les Laboratoires Servier, lui font confiance depuis des ann\u00e9es pour faire progresser les collaborateurs sur une ann\u00e9e scolaire avec restitution lors d\u2019un concert final devant leurs coll\u00e8gues.<\/p>\n\n\n<\/div>\n<div  class=\"content-full-left-image-featurescol\" data-type=\"column\">\n<h5  class=\"\">Ch\u0153ur de Lions<\/h5>\n<p  class=\"\">Pendant le confinement, ils ont r\u00e9ussi \u00e0 chanter ensemble en visio et ont r\u00e9alis\u00e9 un clip comme des pros.<\/p>\n\n\n<\/div>\n<\/div>\n<\/div>\n<\/div>\n<\/div><div  id=\"teambuilding-1\" class=\"content-full-right-image-section\" style=\"background-color: #f6f6f6;\" data-label=\"Teambuilding\" data-id=\"content-full-right-image-section\" data-category=\"content\">\n<div  class=\"content-full-right-image-innerrow\">\n<div  class=\"content-full-right-image-textcol dynamic-color\">\n<div  class=\"\" data-type=\"column\">\n<h2  class=\"\">Team-building<\/h2>\n<p  class=\"\">Consultez Guyl\u00e8ne si vous souhaitez participer \u00e0 un projet collectif enthousiasmant : chacun chez soi et un r\u00e9sultat collectif bluffant.<\/p>\n<p  class=\"\"><span  style=\"color: #993366;\"><strong >Sp\u00e9cial Covid<\/strong><\/span> : cr\u00e9ation de clips en Chorales confin\u00e9es. Vid\u00e9o d\u00e9mo :<\/p>\n<p  class=\"\"><iframe loading=\"lazy\"  src=\"https:\/\/www.youtube.com\/embed\/5IAIFhHVGhg\" width=\"560\" height=\"315\" frameborder=\"0\" allowfullscreen=\"allowfullscreen\"><\/iframe><\/p>\n<p  class=\"\"><strong >Team building :<\/strong> Forte de son exp\u00e9rience de chef de ch\u0153ur et des cr\u00e9ations de spectacles, Guyl\u00e8ne Charmetant s\u2019est entour\u00e9e d\u2019un collectif d\u2019artistes \u00e0 m\u00eame de proposer diff\u00e9rentes prestations team-building. Ensemble, ils cr\u00e9ent la structure Art-Team.<\/p>\n<p  class=\"\"><a class=\"button blue\" href=\"http:\/\/www.art-team.fr\" target=\"_self\" rel=\"noopener noreferrer\">Voir le site internet d\u00e9di\u00e9<\/a><\/p>\n\n<\/div>\n<div  class=\"content-full-right-image-featuresrow\">\n<div  class=\"content-full-right-image-featurescol\" data-type=\"column\">\n<h5  class=\"\">Ma\u00eetre de conf\u00e9rences \u00e0 HEC<\/h5>\n<p  class=\"\">Elle encadre des ateliers de coh\u00e9sion d\u2019\u00e9quipe par le chant. Les participants vivent le ch\u0153ur de l\u2019int\u00e9rieur et mettent au point des chants harmonis\u00e9s \u00e0 plusieurs voix. Ces ateliers peuvent \u00e9galement se d\u00e9rouler lors de s\u00e9minaires, conventions, soir\u00e9es organis\u00e9es par les C.E\u2026 (pour des groupes de 20 \u00e0 300 personnes).<\/p>\n\n<\/div>\n<div  class=\"content-full-right-image-featurescol\" data-type=\"column\">\n<h5  class=\"\">Chorales d\u2019entreprise<\/h5>\n<p  class=\"\">Encadrement de chorales d\u2019entreprise \u00e9ph\u00e9m\u00e8res ou r\u00e9guli\u00e8res.<\/p>\n\n<h5  class=\"\">Spectacles sur mesure<\/h5>\n<p  class=\"\">Encadrement d\u2019ateliers pluridisciplinaires : chant, danse, th\u00e9\u00e2tre, percussions, courts m\u00e9trages\u2026\nPour un show le soir m\u00eame, les collaborateurs se produisent sur sc\u00e8ne dans une suite de tableaux cr\u00e9\u00e9s lors des ateliers.<\/p>\n\n<\/div>\n<\/div>\n<\/div>\n<div  class=\"content-full-right-image-imgcol\" style=\"background-image: url(&quot;https:\/\/guylenecharmetant.fr\/wp-content\/uploads\/2020\/12\/big_Nobody_20Knows_20Concert_20Mesnuls_20244.jpg&quot;);\" data-bg=\"image\"><\/div>\n<\/div>\n<\/div><div  id=\"temoignages\" class=\"testimonials-boxed-section\" style=\"background-color: #f6f6f6;\" data-label=\"Temoignages\" data-id=\"testimonials-boxed-section\" data-category=\"testimonials\">\n<div  class=\"gridContainer\">\n<div  class=\"testimonials-boxed-textcol dynamic-color\" data-type=\"column\">\n<h2  class=\"\">R\u00e9f\u00e9rences<\/h2>\n<p  class=\"\">R\u00e9f\u00e9rences&nbsp; :&nbsp;AG2R, AGF, Air France Industrie, Amadeus, APEC, Assembl\u00e9e Nationale, Aventis, BASF, Baume et Mercier, BMS, Caisse d\u2019Epargne, Caisse des D\u00e9p\u00f4ts, Calyon, Centre National des Arts et M\u00e9tier, CFA sant\u00e9 solidarit\u00e9, CIDER, Cit\u00e9 mondiale du vin, Compagnie 1818, Conseil G\u00e9n\u00e9ral de la Gironde, Cr\u00e9dit Local de France, Cr\u00e9dit Mutuel, EDF, GDF, Eurogroup, F\u00e9d\u00e9ration Nationale des Travaux Publics, France La Croisi\u00e8re, Galeries Lafayette, Groupe Jean-Claude Darmon, ESSEC management, Groupe Valloire, H.E.C, Herm\u00e8s, Insudiet, Investimo, J and J, Kellog\u2019s, L\u2019Or\u00e9al, La Mondiale, La Poste, Laboratoires Beaufour, Laboratoires Roche, Laboratoires Servier, Maisons d\u2019en France, M\u00e9decins du Monde Metro, MIDEM, Mo\u00ebt-Hennessy, Natura Brazil, N\u00e9oma, Nestl\u00e9, Novartis, PMU, Pricewaterhouse Coopers, Printemps Haussmann, Renault, SACEM, Sanofi, Synth\u00e9labo, Schneider electric, Schwartzkopf, SETAO, SFR, Sodhexo, Ubisoft, UGC Cin\u00e9mas, UPSA, Walter Van Beirendonck, Yamaha\u2026<\/p>\n\n<\/div>\n<div  class=\"testimonials-boxed-itemsrow dark-text\" data-type=\"row\">\n<div  class=\"testimonials-boxed-itemcol cp4cols cp6cols-tablet\">\n<div  class=\"testimonials-boxed-itemcard\" data-type=\"column\">\n<p  class=\"\"><span  style=\"font-family: 'Source Sans Pro', sans-serif; font-size: 18px;\">laboratoires BMS : \u00ab Nous avons d\u2019excellents retours sur votre prestation. Merci et encore bravo.&nbsp;\u00bb<\/span><\/p>\n\n<\/div>\n<\/div>\n<div  class=\"testimonials-boxed-itemcol cp4cols cp6cols-tablet\">\n<div  class=\"testimonials-boxed-itemcard\" data-type=\"column\">\n<p  class=\"p1\">Setao : \u00ab L\u2019animation \u00ab Chorale Express \u00bb que vous avez port\u00e9e pour nous aupr\u00e8s de nos salari\u00e9s a \u00e9t\u00e9 un des \u00e9l\u00e9ments essentiels de la soir\u00e9e. Elle a r\u00e9alis\u00e9 la parfaite jonction entre le professionnalisme et \u00ab l\u2019esprit de famille \u00bb que nous souhaitions. \u00bb<\/p>\n\n<\/div>\n<\/div>\n<div  class=\"testimonials-boxed-itemcol cp4cols cp6cols-tablet\">\n<div  class=\"testimonials-boxed-itemcard\" data-type=\"column\">\n<p  class=\"\">Leclerc : \u00ab&nbsp;L\u2019exp\u00e9rience nous a tellement plu que dans la foul\u00e9e nous avons enregistr\u00e9 un CD des chants cr\u00e9es pour l\u2019occasion !&nbsp;\u00bb<\/p>\n<p  class=\"p1\">Groupe Valloire : \u00ab&nbsp;Apr\u00e8s votre spectacle, pendant deux ans je n\u2019ai rien eu \u00e0 faire au niveau motivation de mes \u00e9quipes!&nbsp;\u00bb<\/p>\n\n<\/div>\n<\/div>\n<\/div>\n<\/div>\n<\/div><div  id=\"liens\" class=\"features-overlapped-icons-section\" style=\"background-color: #ffffff;\" data-label=\"Liens\" data-id=\"features-overlapped-icons-section\" data-category=\"features\">\n<div  class=\"gridContainer\">\n<div  class=\"features-overlapped-icons-textrow\">\n<div  class=\"features-overlapped-icons-textcol dynamic-color\" data-type=\"column\">\n<h2  class=\"\">Liens<\/h2>\n<p  class=\"\">Spectacles, Artistes,&nbsp; Musiciens partenaires \u00e0 d\u00e9couvrir<\/p>\n\n\n<\/div>\n<\/div>\n<div  class=\"features-overlapped-icons-featuresrow flexbox-list\" data-type=\"row\">\n<div  class=\"features-large-icons-featcol cp3cols cp6cols-tablet\">\n<div  class=\"features-overlapped-icons-featinnerrow\">\n<div  class=\"features-icon-container\"><\/div>\n<div  class=\"\" data-type=\"column\">\n<h4  class=\"\">Emma&nbsp; la voix du Swing<\/h4>\n<p  class=\"\">Com\u00e9die musicale<\/p>\n<a class=\"\" href=\"https:\/\/guylenecharmetant.fr\/emmalavoixduswing.free.fr\" target=\"_self\" rel=\"noopener noreferrer\">lien<\/a>\n\n<\/div>\n<\/div>\n<\/div>\n<div  class=\"features-large-icons-featcol cp3cols cp6cols-tablet\">\n<div  class=\"features-overlapped-icons-featinnerrow\">\n<div  class=\"features-icon-container\"><\/div>\n<div  class=\"\" data-type=\"column\">\n<h4  class=\"\">Anita Farmine<\/h4>\n<p  class=\"\">Chanteuse<\/p>\n<a class=\"\" href=\"https:\/\/guylenecharmetant.fr\/www.anitafarmine.com\" target=\"_self\" rel=\"noopener noreferrer\">lien<\/a>\n\n<\/div>\n<\/div>\n<\/div>\n<div  class=\"features-large-icons-featcol cp3cols cp6cols-tablet\">\n<div  class=\"features-overlapped-icons-featinnerrow\">\n<div  class=\"features-icon-container\"><\/div>\n<div  class=\"\" data-type=\"column\">\n<h4  class=\"\">Fran\u00e7ois Manuelian<\/h4>\n<p  class=\"\">Chanteur\n\nMusicien\n\nCom\u00e9dien<\/p>\n<a class=\"\" href=\"https:\/\/guylenecharmetant.fr\/www.francoismanuelian.fr\" target=\"_self\" rel=\"noopener noreferrer\">lien<\/a>\n\n<\/div>\n<\/div>\n<\/div>\n<div  class=\"features-large-icons-featcol cp3cols cp6cols-tablet\">\n<div  class=\"features-overlapped-icons-featinnerrow\">\n<div  class=\"features-icon-container\"><\/div>\n<div  class=\"\" data-type=\"column\">\n<h4  class=\"\">Andre\u00ef Bizioukine<\/h4>\n<p  class=\"\">Musicien<\/p>\n<a class=\"\" href=\"https:\/\/guylenecharmetant.fr\/www.artamuse.fr\" target=\"_self\" rel=\"noopener noreferrer\">lien<\/a>\n\n<\/div>\n<\/div>\n<\/div>\n<\/div>\n<\/div>\n<\/div><strong >Liens<\/strong><a  class=\"\" href=\"http:\/\/emmalavoixduswing.free.fr\">\nEmma la Voix du Swing<\/a><a  class=\"\" href=\"https:\/\/www.anitafarmine.com\">Anita Farmine (1)&nbsp;<\/a><a class=\"\" href=\"http:\/\/www.francoismanuelian.fr\" target=\"_self\" rel=\"noopener noreferrer\">Fran\u00e7ois Manuelian (1)<\/a><a  class=\"\" href=\"http:\/\/casanovarts.fr\">Fran\u00e7ois Manuelian (2)<\/a><a  class=\"\" href=\"http:\/\/fredosoto.canalblog.com\">Fred Boch<\/a><a  class=\"\" href=\"http:\/\/www.artamuse.fr\">Andre\u00ef Bizioukine<\/a><a  class=\"\" href=\"http:\/\/www.kinotopia.fr\">kinotopia<\/a><a  class=\"\" href=\"http:\/\/www.mpodolak.com\">Michel Podolak<\/a><a  class=\"\" href=\"http:\/\/www.mairie.com\">mairie.com<\/a>","protected":false},"excerpt":{"rendered":"<p>Des concerts en duo, trio, quartet ou plus A partir d\u2019un r\u00e9pertoire compos\u00e9 de chansons issues du jazz, de la pop ou des musiques sud-am\u00e9ricaines, diff\u00e9rents groupes pour revisiter des&hellip; <br \/> <a class=\"button small blue\" href=\"https:\/\/guylenecharmetant.fr\/?p=1\">Lire la suite<\/a><\/p>\n","protected":false},"author":1,"featured_media":0,"parent":0,"menu_order":0,"comment_status":"closed","ping_status":"closed","template":"","meta":{"footnotes":""},"class_list":["post-13","page","type-page","status-publish","hentry"],"yoast_head":"<!-- This site is optimized with the Yoast SEO plugin v15.1.1 - https:\/\/yoast.com\/wordpress\/plugins\/seo\/ -->\n<title>Front Page - Guyl\u00e8ne Charmetant<\/title>\n<meta name=\"robots\" content=\"index, follow, max-snippet:-1, max-image-preview:large, max-video-preview:-1\" \/>\n<link rel=\"canonical\" href=\"https:\/\/guylenecharmetant.fr\/\" \/>\n<meta property=\"og:locale\" content=\"fr_FR\" \/>\n<meta property=\"og:type\" content=\"article\" \/>\n<meta property=\"og:title\" content=\"Front Page - Guyl\u00e8ne Charmetant\" \/>\n<meta property=\"og:description\" content=\"Des concerts en duo, trio, quartet ou plus A partir d\u2019un r\u00e9pertoire compos\u00e9 de chansons issues du jazz, de la pop ou des musiques sud-am\u00e9ricaines, diff\u00e9rents groupes pour revisiter des&hellip; Lire la suite\" \/>\n<meta property=\"og:url\" content=\"https:\/\/guylenecharmetant.fr\/\" \/>\n<meta property=\"og:site_name\" content=\"Guyl\u00e8ne Charmetant\" \/>\n<meta property=\"article:modified_time\" content=\"2023-03-14T12:43:17+00:00\" \/>\n<meta property=\"og:image\" content=\"https:\/\/guylenecharmetant.fr\/wp-content\/uploads\/2020\/10\/Photo-UnderCover-16-octobre20-DR-e1604250034489.jpg\" \/>\n<meta name=\"twitter:card\" content=\"summary_large_image\" \/>\n<script type=\"application\/ld+json\" class=\"yoast-schema-graph\">{\"@context\":\"https:\/\/schema.org\",\"@graph\":[{\"@type\":\"WebSite\",\"@id\":\"https:\/\/guylenecharmetant.fr\/#website\",\"url\":\"https:\/\/guylenecharmetant.fr\/\",\"name\":\"Guyl\\u00e8ne Charmetant\",\"description\":\"Chanteuse et chef de ch\\u0153ur - Orl\\u00e9ans\",\"potentialAction\":[{\"@type\":\"SearchAction\",\"target\":\"https:\/\/guylenecharmetant.fr\/?s={search_term_string}\",\"query-input\":\"required name=search_term_string\"}],\"inLanguage\":\"fr-FR\"},{\"@type\":\"ImageObject\",\"@id\":\"https:\/\/guylenecharmetant.fr\/#primaryimage\",\"inLanguage\":\"fr-FR\",\"url\":\"https:\/\/guylenecharmetant.fr\/wp-content\/uploads\/2020\/10\/Photo-UnderCover-16-octobre20-DR-e1604250034489.jpg\"},{\"@type\":\"WebPage\",\"@id\":\"https:\/\/guylenecharmetant.fr\/#webpage\",\"url\":\"https:\/\/guylenecharmetant.fr\/\",\"name\":\"Front Page - Guyl\\u00e8ne Charmetant\",\"isPartOf\":{\"@id\":\"https:\/\/guylenecharmetant.fr\/#website\"},\"primaryImageOfPage\":{\"@id\":\"https:\/\/guylenecharmetant.fr\/#primaryimage\"},\"datePublished\":\"2020-10-19T14:20:14+00:00\",\"dateModified\":\"2023-03-14T12:43:17+00:00\",\"inLanguage\":\"fr-FR\",\"potentialAction\":[{\"@type\":\"ReadAction\",\"target\":[\"https:\/\/guylenecharmetant.fr\/\"]}]}]}<\/script>\n<!-- \/ Yoast SEO plugin. -->","_links":{"self":[{"href":"https:\/\/guylenecharmetant.fr\/index.php?rest_route=\/wp\/v2\/pages\/13"}],"collection":[{"href":"https:\/\/guylenecharmetant.fr\/index.php?rest_route=\/wp\/v2\/pages"}],"about":[{"href":"https:\/\/guylenecharmetant.fr\/index.php?rest_route=\/wp\/v2\/types\/page"}],"author":[{"embeddable":true,"href":"https:\/\/guylenecharmetant.fr\/index.php?rest_route=\/wp\/v2\/users\/1"}],"replies":[{"embeddable":true,"href":"https:\/\/guylenecharmetant.fr\/index.php?rest_route=%2Fwp%2Fv2%2Fcomments&post=13"}],"version-history":[{"count":138,"href":"https:\/\/guylenecharmetant.fr\/index.php?rest_route=\/wp\/v2\/pages\/13\/revisions"}],"predecessor-version":[{"id":824,"href":"https:\/\/guylenecharmetant.fr\/index.php?rest_route=\/wp\/v2\/pages\/13\/revisions\/824"}],"wp:attachment":[{"href":"https:\/\/guylenecharmetant.fr\/index.php?rest_route=%2Fwp%2Fv2%2Fmedia&parent=13"}],"curies":[{"name":"wp","href":"https:\/\/api.w.org\/{rel}","templated":true}]}}